{"version":"1.0","provider_name":"FONDATION ROCAMADOUR \u2013 MUSIQUE SACR\u00c9E | Des \u00e9motions qui donnent le vertige","provider_url":"https:\/\/musique-sacree-rocamadour.eu\/en\/","author_name":"A N","author_url":"https:\/\/musique-sacree-rocamadour.eu\/en\/author\/annabelle-rocamadour\/","title":"Festival de Rocamadour : la 20\u00b0 \u00e9dition | FONDATION ROCAMADOUR \u2013 MUSIQUE SACR\u00c9E | Des \u00e9motions qui donnent le vertige","type":"rich","width":600,"height":338,"html":"<blockquote class=\"wp-embedded-content\" data-secret=\"msrJOQufIr\"><a href=\"https:\/\/musique-sacree-rocamadour.eu\/en\/projet-soutenu\/festival-de-rocamadour\/\">Festival de Rocamadour : la 20\u00b0 \u00e9dition<\/a><\/blockquote><iframe sandbox=\"allow-scripts\" security=\"restricted\" src=\"https:\/\/musique-sacree-rocamadour.eu\/en\/projet-soutenu\/festival-de-rocamadour\/embed\/#?secret=msrJOQufIr\" width=\"600\" height=\"338\" title=\"&#8220;Festival de Rocamadour : la 20\u00b0 \u00e9dition&#8221; &#8212; FONDATION ROCAMADOUR \u2013 MUSIQUE SACR\u00c9E | Des \u00e9motions qui donnent le vertige\" data-secret=\"msrJOQufIr\" frameborder=\"0\" marginwidth=\"0\" marginheight=\"0\" scrolling=\"no\" class=\"wp-embedded-content\"><\/iframe><script type=\"text\/javascript\">\n\/* <![CDATA[ *\/\n\/*! This file is auto-generated *\/\n!function(d,l){\"use strict\";l.querySelector&&d.addEventListener&&\"undefined\"!=typeof URL&&(d.wp=d.wp||{},d.wp.receiveEmbedMessage||(d.wp.receiveEmbedMessage=function(e){var t=e.data;if((t||t.secret||t.message||t.value)&&!\/[^a-zA-Z0-9]\/.test(t.secret)){for(var s,r,n,a=l.querySelectorAll('iframe[data-secret=\"'+t.secret+'\"]'),o=l.querySelectorAll('blockquote[data-secret=\"'+t.secret+'\"]'),c=new RegExp(\"^https?:$\",\"i\"),i=0;i<o.length;i++)o[i].style.display=\"none\";for(i=0;i<a.length;i++)s=a[i],e.source===s.contentWindow&&(s.removeAttribute(\"style\"),\"height\"===t.message?(1e3<(r=parseInt(t.value,10))?r=1e3:~~r<200&&(r=200),s.height=r):\"link\"===t.message&&(r=new URL(s.getAttribute(\"src\")),n=new URL(t.value),c.test(n.protocol))&&n.host===r.host&&l.activeElement===s&&(d.top.location.href=t.value))}},d.addEventListener(\"message\",d.wp.receiveEmbedMessage,!1),l.addEventListener(\"DOMContentLoaded\",function(){for(var e,t,s=l.querySelectorAll(\"iframe.wp-embedded-content\"),r=0;r<s.length;r++)(t=(e=s[r]).getAttribute(\"data-secret\"))||(t=Math.random().toString(36).substring(2,12),e.src+=\"#?secret=\"+t,e.setAttribute(\"data-secret\",t)),e.contentWindow.postMessage({message:\"ready\",secret:t},\"*\")},!1)))}(window,document);\n\/\/# sourceURL=https:\/\/musique-sacree-rocamadour.eu\/wp-includes\/js\/wp-embed.min.js\n\/* ]]> *\/\n<\/script>\n","thumbnail_url":"https:\/\/musique-sacree-rocamadour.eu\/wp-content\/uploads\/2025\/05\/la-vallee-7.jpg","thumbnail_width":2000,"thumbnail_height":1333,"description":"Du 15 au 26 ao\u00fbt 2025, le Festival de Rocamadour c\u00e9l\u00e8bre sa 20\u00b0 \u00e9dition ! Deux d\u00e9cennies d\u2019\u00e9motions musicales, de rencontres artistiques et de moments partag\u00e9s. Pour c\u00e9l\u00e9brer cet anniversaire, quoi de mieux que d\u2019emprunter \u00e0 nouveaux les chemins parcourus en r\u00e9unissant les artistes qui ont marqu\u00e9 l\u2019histoire du festival tout en explorant l\u2019\u00e9ternit\u00e9 avec [&hellip;]"}